{"id":546,"date":"2018-06-08T10:51:21","date_gmt":"2018-06-08T13:51:21","guid":{"rendered":"http:\/\/propei.uerr.edu.br\/ppgec\/?page_id=546"},"modified":"2026-04-09T11:54:28","modified_gmt":"2026-04-09T15:54:28","slug":"produto-linha-de-pesquisa-2","status":"publish","type":"page","link":"https:\/\/propei.uerr.edu.br\/ppgec\/produto-linha-de-pesquisa-2\/","title":{"rendered":"Produtos Educacionais &#8211; Linha de Pesquisa B"},"content":{"rendered":"<p style=\"text-align: center;\"><strong>ESPA\u00c7OS N\u00c3O FORMAIS E A DIVULGA\u00c7\u00c3O CIENT\u00cdFICA NO ENSINO DE CI\u00caNCIAS E MATEM\u00c1TICA<\/strong><\/p>\n<p>&nbsp;<\/p>\n<p><em><strong>Produtos Educacionais 2025<\/strong><\/em><\/p>\n<p>&nbsp;<\/p>\n<ul>\n<li><strong>ELISSANDRA RODRIGUES MARQUES<\/strong><\/li>\n<\/ul>\n<p>Produto Educacional: <a href=\"https:\/\/drive.google.com\/file\/d\/1RFMCXhdxp5gaTT5paraYCvaAsqYFCc_I\/view?usp=drive_link\">ENSINO DE CI\u00caNCIAS EM AMBIENTES NATURAIS:\u00a0FITOFISIONOMIAS DA SAVANA\u00a0DE RORAIMA<\/a><\/p>\n<p>Orientador:\u00a0Prof. Dr. Rodrigo Leonardo Costa de Oliveira<\/p>\n<p>Coorientadora: <span class=\"fontstyle0\">Prof.\u00aa<\/span>. Dra. Juliane Marques de Souza<\/p>\n<p>&nbsp;<\/p>\n<ul>\n<li><strong> <span class=\"fontstyle0\">FRANCISCA MARIA SILVA<\/span><\/strong><\/li>\n<\/ul>\n<p>Produto Educacional:\u00a0 <a href=\"https:\/\/drive.google.com\/file\/d\/1epQBl5rtAkP7Z9iQnRGJttFWOirYsFAl\/view?usp=drive_link\"><span class=\"fontstyle0\">GUIA DIDATICO &#8211; Jardim sensorial:\u00a0 <\/span><span class=\"fontstyle0\">Um Convite para os Sentidos<\/span><\/a><\/p>\n<p><span class=\"fontstyle0\">Orientadora: Prof.\u00aa Dra. Sandra Kariny Saldanha de Oliveira.<br \/>\nCoorientadora: Prof.\u00aa Dra. Elena Campo Fioretti<\/span><\/p>\n<p>&nbsp;<\/p>\n<p><em><strong>Produtos Educacionais 2024<\/strong><\/em><\/p>\n<ul>\n<li><strong>IOLANDA DO NASCIMENTO ARA\u00daJO ROCHA<\/strong><\/li>\n<\/ul>\n<p>Produto Educacional: <a href=\"https:\/\/drive.google.com\/file\/d\/1jaNUK2lVHbwerUi-Qx6WoD3nLkUkxx9W\/view?usp=drive_link\">SEQU\u00caNCIA DID\u00c1TICA INVESTIGATIVA COM BASE EM FUN\u00c7\u00d5ES ORG\u00c2NICAS CONTIDAS EM BULAS DE MEDICAMENTOS<\/a><\/p>\n<p>Orientadora: Profa. Dra.\u00a0 R\u00e9gia Chacon Pessoa Lima<\/p>\n<ul>\n<li><strong>NAIRON CARVALHO DO NASCIMENTO<\/strong><\/li>\n<\/ul>\n<p>Produto Educacional: <a href=\"https:\/\/drive.google.com\/file\/d\/1ekLuZLCgmST4oOmkLe4DYbR2d-06q3h6\/view?usp=sharing\">DIVULGA\u00c7\u00c3O CIENT\u00cdFICA PARA PRODUTOS EDUCACIONAIS<\/a><\/p>\n<p>Orientadora: Profa. Dra. Josimara Cristina de Carvalho Oliveira<br \/>\nCoorientadora: Profa. Dra. Sandra Kariny Saldanha de Oliveira<\/p>\n<ul>\n<li><strong>GABRIELLY VIEIRA MESQUITA<\/strong><\/li>\n<\/ul>\n<p>Produto Educacional: <a href=\"https:\/\/drive.google.com\/file\/d\/1OqHhKt5JGRWaCgMoZzWFCn9FD6d3Wcxb\/view?usp=drive_link\">PINTURAS RUPESTRES DO ENTORNO DA COMUNIDADE IND\u00cdGENA BOCA DA MATA, PACARAIMA, RR: A ETNOQU\u00cdMICA COMO RECURSO DE APRENDIZAGEM EM ESPA\u00c7OS N\u00c3O FORMAIS<\/a><\/p>\n<p>Orientadora: Profa. Dra. Elena Campo Fioretti<br \/>\nCoorientadora: Profa. Dra. Ivanise Maria Rizzatti<\/p>\n<ul>\n<li><strong>NAYARA DA SILVA NOGUEIRA<\/strong><\/li>\n<\/ul>\n<p>Produto Educacional: <a href=\"https:\/\/drive.google.com\/file\/d\/167Opqqf9XvicmBo39YEWFc2iGvUAqCoi\/view?usp=sharing\">EXPLORANDO O MUNDO DOS INSETOS: UM GUIA EDUCACIONAL BASEADO NA METODOLOGIA DAS ILHAS INTERDISCIPLINARES DE RACIONALIDADE<\/a><\/p>\n<p>Orientadora: Profa. Dra. Elena Campo Fioretti<\/p>\n<p>&nbsp;<\/p>\n<p><em><strong>Produtos Educacionais 2023<\/strong><\/em><\/p>\n<ul>\n<li><strong>MANOEL REILDO CERDEIRA DOS SANTOS<\/strong><\/li>\n<\/ul>\n<p style=\"text-align: justify;\">T\u00edtulo: <a href=\"https:\/\/drive.google.com\/file\/d\/1JUKX_qewmcnVVVI_py3i3DuPr_n3rfGc\/view?usp=drive_link\">O Ensino de Atributos de Medidas de Comprimentos,\u00a0 \u00c1reas e \u00c2ngulos fundamentado na Atividade de Situa\u00e7\u00f5es Problema Discente para estudantes da 1\u00ba s\u00e9rie do Ensino Fundamental.<\/a><\/p>\n<p>Orientador: Hector Jos\u00e9 Garcia Mendoza<\/p>\n<ul>\n<li><strong>ROSEANNE PLATA SANCHES ALENCAR<\/strong><\/li>\n<\/ul>\n<p>T\u00edtulo: Sequ\u00eancia Did\u00e1tica: <a href=\"https:\/\/drive.google.com\/file\/d\/1cl12io4ouDld6qVpPQjpN4p3OobPqTAF\/view?usp=drive_link\">Contribui\u00e7\u00f5es das Teorias da Aprendizagem Significativa e do Pensamento Sist\u00eamico para os Conceitos de Mata Ciliar.<\/a><\/p>\n<p>Orientadora:\u00a0 Profa. Dra.\u00a0Patr\u00edcia Macedo de Castro<\/p>\n<ul>\n<li><strong>DOMINGOS ACELMO RIBEIRO PAZ<\/strong><\/li>\n<\/ul>\n<p style=\"text-align: justify;\">Produto Educacional:<a href=\"https:\/\/drive.google.com\/file\/d\/1TDsAfbrcAEps5OhwYYKacReeQiihCX-b\/view?usp=sharing\"> CLUBE H\u00cdBRIDO DE XADREZ PEDAG\u00d3GICO:\u00a0 GUIA ORIENTADOR PARA ESCOLAS<\/a><\/p>\n<p>Orientador: Profa. Dra. Ivanise Maria Rizzatti<br \/>\nCoorientadora: Prof. Dr. Rodrigo Leonardo Costa de Oliveira<\/p>\n<ul>\n<li><strong>LANA PATRICIA UCH\u00d4A NATTRODT<\/strong><\/li>\n<\/ul>\n<p>Produto Educacional: <a href=\"https:\/\/drive.google.com\/file\/d\/1az_iaZm_MxOTpdEN0TgOlDtmYDTsaicd\/view?usp=sharing\">O Ensino da Bot\u00e2nica em Ambientes Naturais Amaz\u00f4nicos: PARNA DO VIRU\u00c1\/RR<\/a><\/p>\n<p>Orientador:\u00a0Prof. Dr. Rodrigo Leonardo Costa de Oliveira<br \/>\nCoorientadora: Profa. Dra. Ivanise Maria Rizzatti<\/p>\n<ul>\n<li><strong>RHAYDER ABENSOUR SOUZA<\/strong><\/li>\n<\/ul>\n<p style=\"text-align: justify;\">Produto Educacional: <a href=\"https:\/\/drive.google.com\/file\/d\/1sbXoPZwiPeOQXtKW2M8ARPh1P8N9XV6z\/view?usp=sharing\">GUIA ORIENTADOR: FORMA\u00c7\u00c3O DE PROFESSORES NA PERSPECTIVA INTERCULTURAL<\/a><\/p>\n<p>Orientadora: Profa. Dra.\u00a0 Josimara Cristina de Carvalho<br \/>\nCo-orientadora: Profa. Dra.\u00a0 Sandra Kariny Saldanha de Oliveira.<\/p>\n<ul>\n<li><strong>JOAN\u00c9IA OLIVEIRA RIBAS<\/strong><\/li>\n<\/ul>\n<p style=\"text-align: justify;\">Produto Educacional: <a href=\"https:\/\/drive.google.com\/file\/d\/1d5dup3oWhsRsd1LvD7g2YRKn6iKi1Ulx\/view?usp=sharing\">Especificidades dos animais silvestres da Amaz\u00f4nia, como forma de potencializar a aprendizagem para aluno surdo nos anos iniciais do ensino fundamental.<\/a><\/p>\n<p>Orientadora: Profa. Dra. Sandra Kariny Saldanha de Oliveira<\/p>\n<ul>\n<li><strong>VANUZA MARTINS LARA<\/strong><\/li>\n<\/ul>\n<p style=\"text-align: justify;\">produto Educacional: <a href=\"https:\/\/drive.google.com\/file\/d\/1yJlcQ14JUasVmoJ2vi5bCZ1E6AobEN3Z\/view?usp=sharing\">Guia did\u00e1tico para ensino de solu\u00e7\u00f5es: uma sequ\u00eancia did\u00e1tica com o uso do jogo\u201d A trilha da ci\u00eancia\u201d e experimentos, ancorada na teoria da aprendizagem significativa<\/a><\/p>\n<p>Orientadora: Profa. Dra. R\u00e9gia Chacon Pessoa de Lima<\/p>\n<ul>\n<li><strong>EDILENE PIMENTEL DE SOUSA<\/strong><\/li>\n<\/ul>\n<p>Produto Educacional: <a href=\"https:\/\/drive.google.com\/file\/d\/1Gik0Yw3EIhraG6sN6QLsiVud1ZxkOSZB\/view?usp=drive_link\">POTENCIALIDADES NA PERSPECTIVA DA ALFABETIZA\u00c7\u00c3O CIENT\u00cdFICA E ECOL\u00d3GICA NOS ANOS INICIAIS DO ENSINO FUNDAMENTAL<\/a><\/p>\n<p>Orientadora: Profa. Dra. Sandra Kariny Saldanha Oliveira<br \/>\nCoorientadora: Profa. Dra. M\u00e1rcia Teixeira Falc\u00e3o<\/p>\n<ul>\n<li><strong>JACQUELINE SAMANTHA GARCIA CAVALCANTE<\/strong><\/li>\n<\/ul>\n<p>Produto Educacional: <a href=\"https:\/\/drive.google.com\/file\/d\/12JtrjSsTq3qagz1_YoKBRg1R9ac26KnE\/view?usp=sharing\">BRINCANDO COM A HIGIENE<\/a><\/p>\n<p>Orientadora: Profa. Dra. Sandra Kariny Saldanha de Oliveira<\/p>\n<ul>\n<li><strong>ROMILTON COSTA SOARES SOBRINHO<\/strong><\/li>\n<\/ul>\n<p style=\"text-align: justify;\">Produto Educacional:\u00a0 <a href=\"https:\/\/drive.google.com\/file\/d\/13mVROjyUAsoXXjWIJJ-NBQIh7btwfqzF\/view?usp=sharing\">Guia Did\u00e1tico Digital: Para utiliza\u00e7\u00e3o dos Espa\u00e7os Educativos n\u00e3o Formais na Fronteira Internacional Brasil &#8211; Venezuela.<\/a><\/p>\n<p>Orientadora: Profa. Dra. Patr\u00edcia Macedo de Castro<\/p>\n<ul>\n<li><strong>SILVANA ALVES QUEIROZ<\/strong><\/li>\n<\/ul>\n<p style=\"text-align: justify;\">Produto Educacional: <a href=\"https:\/\/drive.google.com\/file\/d\/1nyENy46WFnlKm3-8v9C6UETkWlqnxLIB\/view?usp=sharing\">A comunica\u00e7\u00e3o alternativa e suas contribui\u00e7\u00f5es para a aprendizagem de estudantes com transtorno do espectro autista (tea)<\/a><\/p>\n<p>Orientadora: Profa. Dra. Ivanise Maria Rizzatti<br \/>\nCo-orientador: Prof. Dr.\u00a0 Rodrigo Leonardo Costa de Oliveira<\/p>\n<p>&nbsp;<\/p>\n<p><em><strong>Produtos Educacionais 2022<\/strong><\/em><\/p>\n<ul>\n<li><strong>BRUNA DINIZ SILVA<\/strong><\/li>\n<\/ul>\n<p>Produto Educacional: <a href=\"https:\/\/propei.uerr.edu.br\/ppgec\/wp-content\/uploads\/2023\/03\/PRODUTO-EDUCACIONAL-BRUNA-DINIZ-SILVA-28.12..22.pdf\">EXPOSI\u00c7\u00c3O ITINERANTE MULHERES QUE FAZEM CI\u00caNCIA\u00a0<\/a><\/p>\n<p>Orientadora: Profa. Dra. R\u00e9gia Chacon Pessoa de Lima<\/p>\n<ul>\n<li><strong>MAYRA CAROLINE DE ALMEIDA CUNHA<\/strong><\/li>\n<\/ul>\n<p>Produto Educacional: <a href=\"https:\/\/propei.uerr.edu.br\/ppgec\/wp-content\/uploads\/2023\/03\/PRODUTO-EDUCACIONAL-MAYRA-FINAL-2.pdf\">SEQU\u00caNCIA DID\u00c1TICA \u00c1GUA: DA NASCENTE AO AMBIENTE VIRTUAL NO ENSINO DE CI\u00caNCIAS.<\/a><\/p>\n<p>Orientador: Prof. Dr. Rodrigo Leonardo Costa de Oliveira<br \/>\nCoorientadora: Profa. Dra. Ivanise Maria Rizzatti<\/p>\n<ul>\n<li><strong>SELENE DIAS NUNES<\/strong><\/li>\n<\/ul>\n<p>Produto Educacional: <a href=\"https:\/\/propei.uerr.edu.br\/ppgec\/wp-content\/uploads\/2023\/03\/PRODUTO-Educacional-.pdf\">SEQU\u00caNCIA DID\u00c1TICA NA ABORDAGEM METODOL\u00d3GICA DOS TR\u00caS MOMENTOS PEDAG\u00d3GICOS DE DELIZOICOV PARA APRENDIZAGEM DE BOT\u00c2NICA\u00a0<\/a><\/p>\n<p>Orientador: Prof. Dr. Rodrigo Leonardo Costa de Oliveira<br \/>\nCoorientadora: Profa. Dra. Ivanise Maria Rizzatti<\/p>\n<ul>\n<li><strong>RISOLENE SILVA DE SOUSA<\/strong><\/li>\n<\/ul>\n<p>Produto Educacional: <a href=\"https:\/\/drive.google.com\/file\/d\/1DFBKbSPHxIOW7t_hhbFPQhB9py1tn_Qi\/view?usp=drive_link\">POD MULHER NA CI\u00caNCIA: Uma proposta de divulga\u00e7\u00e3o cientifica feminina em Roraima<\/a><\/p>\n<p>&nbsp;<\/p>\n<p style=\"text-align: justify;\"><em><strong>Produtos Educacionais 2021<\/strong><\/em><\/p>\n<ul style=\"text-align: justify;\">\n<li>ALEXSSANDRA DE LEMOS PINHEIRO<\/li>\n<\/ul>\n<p style=\"text-align: justify;\">Produto Educacional: <a href=\"https:\/\/propei.uerr.edu.br\/ppgec\/wp-content\/uploads\/2021\/12\/PRODUTO-EDUCACIONAL-2021-ALEXSSANDRA-DE-LEMOS.pdf\">Oficina de arte &amp; ci\u00eancia &#8211; A fauna amaz\u00f4nica nas artes visuais: orienta\u00e7\u00f5es metodol\u00f3gicas para divulgar e alfabetizar cientificamente.<\/a><br \/>\nOrientadora: Profa. DSc. Bianca Ma\u00edra de Paiva Ottoni Boldrini.<\/p>\n<ul style=\"text-align: justify;\">\n<li>ANDR\u00c9A DA SILVA GON\u00c7ALVES TEIXEIRA<\/li>\n<\/ul>\n<p style=\"text-align: justify;\">Produto Educacional: <a href=\"https:\/\/propei.uerr.edu.br\/ppgec\/wp-content\/uploads\/2022\/01\/PRODUTO-EDUCACIONAL-2021-Andrea-da-Silva-Goncalves-Teixeira.pdf\">Guia Did\u00e1tico \u201cH\u00e1bitos Alimentares Saud\u00e1veis para a promo\u00e7\u00e3o da Alfabetiza\u00e7\u00e3o Cient\u00edfica\u201d.<\/a><br \/>\nOrientadora: Profa. DSc. R\u00e9gia Chacon Pessoa Lima.<br \/>\nCoorientadora: Profa. DSc. Sandra Kariny Saldanha de Oliveira.<\/p>\n<ul style=\"text-align: justify;\">\n<li>C\u00c1SSIA PATR\u00cdCIA MUNIZ DE ALMEIDA<\/li>\n<\/ul>\n<p style=\"text-align: justify;\">Produto Educacional: <a href=\"https:\/\/propei.uerr.edu.br\/ppgec\/wp-content\/uploads\/2021\/07\/PRODUTO-EDUCACIONAL-2021-Cassia-Patricia-Almeida.pdf\">Guia Educacional: Fotografia cient\u00edfica como recurso metodol\u00f3gico na forma\u00e7\u00e3o de conceito de qu\u00edmica ambiental em espa\u00e7o n\u00e3o formal.<\/a><br \/>\nOrientadora: Profa. DSc. Josimara Cristina de Carvalho Oliveira.<\/p>\n<ul style=\"text-align: justify;\">\n<li>DEGIVAL ALVES DE MELO<\/li>\n<\/ul>\n<p style=\"text-align: justify;\">Produto Educacional: <a href=\"https:\/\/propei.uerr.edu.br\/ppgec\/wp-content\/uploads\/2022\/01\/PRODUTO-EDUCACIONAL-2021-Degival-Alves-de-Melo.pdf\">Forma\u00e7\u00e3o do conceito de impacto ambiental a partir da \u00c1rea de Preserva\u00e7\u00e3o Permanente (APP) do Igarap\u00e9 Grande: uma proposta de alfabetiza\u00e7\u00e3o cientifica de alunos do 7\u00b0 ano do ensino fundamental em uma escola de Boa Vista-RR.<\/a><br \/>\nOrientadora: Profa. DSc. Enia Maria Ferst<\/p>\n<ul style=\"text-align: justify;\">\n<li>EDIANE SOUSA MIRANDA RAMOS<\/li>\n<\/ul>\n<p style=\"text-align: justify;\">Produto Educacional: <a href=\"https:\/\/docs.google.com\/presentation\/d\/12uhbWZVdlF58uMWwyuQVvXodP3xRGH-M\/edit?usp=sharing&amp;ouid=117527795594897261888&amp;rtpof=true&amp;sd=true\">Guia Educacional: Curso de Forma\u00e7\u00e3o Continuada para docentes &#8211; Nas Trilhas do Saber: Os espa\u00e7os n\u00e3o formais de Ensino e a Alfabetiza\u00e7\u00e3o Cient\u00edfica e Tecnol\u00f3gica.<\/a><br \/>\nOrientadora: Profa. DSc. Ivanise Maria Rizzatti.<\/p>\n<p style=\"text-align: justify;\"><em><strong>Produtos Educacionais 2020<\/strong><\/em><\/p>\n<ul style=\"text-align: justify;\">\n<li>ALUIZIO ANDRADE DE CASTRO JUNIOR<\/li>\n<\/ul>\n<p style=\"text-align: justify;\">Produto Educacional: <a href=\"https:\/\/propei.uerr.edu.br\/ppgec\/wp-content\/uploads\/2020\/11\/Produto-Educacional-Aluizio-Andrade.pdf\">Sequ\u00eancia did\u00e1tica sobre respira\u00e7\u00e3o celular baseado nos tr\u00eas momentos pedag\u00f3gicos de Delizoicov; Angotti e Pernambuco.<\/a><br \/>\nOrientadora: Profa. DSc. Bianca Ma\u00edra de Paiva Ottoni Boldrini.<\/p>\n<ul style=\"text-align: justify;\">\n<li>DILCE DOS SANTOS ALVES<\/li>\n<\/ul>\n<p style=\"text-align: justify;\">Produto Educacional: <a href=\"https:\/\/youtu.be\/b-u_-rLp10g\">Guia Did\u00e1tico da Sequ\u00eancia Metodol\u00f3gica desenvolvida utilizando o solo como recurso para potencializar a aprendizagem de elementos qu\u00edmicos ancorada na Teoria das Aprendizagem Significativa de David Ausubel.<\/a><br \/>\nOrientadora: Profa. DSc. R\u00e9gia Chacon Pessoa de Lima.<br \/>\nCoorientador: Prof. DSc.\u00a0Jos\u00e9 Frutuoso do Vale J\u00fanior.<\/p>\n<ul style=\"text-align: justify;\">\n<li>ESTERLINE F\u00c9LIX DOS REIS<\/li>\n<\/ul>\n<p style=\"text-align: justify;\">Produto Educacional: Sequ\u00eancia de videos<br \/>\n<a href=\"https:\/\/youtu.be\/CjkhpiS2Yqc\">1. Ensino de Ci\u00eancias<\/a><br \/>\n<a href=\"https:\/\/youtu.be\/FiuwiitVkQU\">2. Educa\u00e7\u00e3o Ambiental<\/a><br \/>\n<a href=\"https:\/\/youtu.be\/w_DIB3iUDzo\">3. Teoria Hist\u00f3rico-Cultural<\/a><br \/>\n<a href=\"https:\/\/youtu.be\/vjS80ZIQZAM\">4. Orla Taumanan<\/a><br \/>\nOrientadora: Profa. DSc. Juliane Marques de Souza.<\/p>\n<ul style=\"text-align: justify;\">\n<li>M\u00d4NICA FEITOSA DA COSTA SOUSA<\/li>\n<\/ul>\n<p style=\"text-align: justify;\">Produto Educacional: <a href=\"https:\/\/propei.uerr.edu.br\/ppgec\/wp-content\/uploads\/2021\/02\/PRODUTO-EDUCACIONAL-2020-Monica-F.-da-Costa.pdf\">Guia did\u00e1tico utilizando o espa\u00e7o n\u00e3o formal para a sensibiliza\u00e7\u00e3o ambiental.\u00a0<\/a><br \/>\nOrientadora: Profa. DSc. Sandra Kariny Saldanha de Oliveira .<\/p>\n<ul style=\"text-align: justify;\">\n<li>RENATO ALMEIDA SILVA<\/li>\n<\/ul>\n<p style=\"text-align: justify;\">Produto Educacional: Sequ\u00eancia did\u00e1tica: <a href=\"https:\/\/propei.uerr.edu.br\/ppgec\/wp-content\/uploads\/2020\/11\/Produto-Educacional-Renato-Almeida-Silva.pdf\">A contribui\u00e7\u00e3o dos espa\u00e7os n\u00e3o-formais para a aprendizagem de conceitos sobre os 4 R&#8217;s da Sustentabilidade Ambiental.<\/a><br \/>\nOrientadora: Profa. DSc. Ivanise Maria Rizzatti.<\/p>\n<ul>\n<li>ROSA FELIX DE SOUSA<\/li>\n<\/ul>\n<p style=\"text-align: justify;\">Produto Educacional: <a href=\"https:\/\/propei.uerr.edu.br\/ppgec\/wp-content\/uploads\/2021\/02\/PRODUTO-EDUCACIONAL-2020-\u2013-Rosa-Felix-de-Sousa.pdf\">Guia de orienta\u00e7\u00e3o sobre projetos de inicia\u00e7\u00e3o cientifica para estudantes do ensino fundamental das escolas do munic\u00edpio de Boa Vista-RR.<\/a><br \/>\nOrientadora: Profa. DSc. Josimara Cristina de Carvalho Oliveira.<\/p>\n<p><em><strong>Produtos Educacionais 2019<\/strong><\/em><\/p>\n<ul style=\"text-align: justify;\">\n<li>FRANCISCA SILVANA ARAUJO CARDOSO<\/li>\n<\/ul>\n<p style=\"text-align: justify;\">Produto Educacional:<a href=\"https:\/\/propei.uerr.edu.br\/ppgec\/wp-content\/uploads\/2019\/06\/Produto-Francisca-Silvana.pdf\"> A feira do produtor rural e a \u00e1rea verde escolar como espa\u00e7os educativos para abordar educa\u00e7\u00e3o ambiental e cidadania com professores e alunos da escola estadual Oswaldo Cruz, Boa Vista-RR.<\/a><br \/>\nOrientadora: Profa. DSc. Ivanise Maria Rizzatti<\/p>\n<ul style=\"text-align: justify;\">\n<li style=\"text-align: justify;\">GISELE BORDONAL TRESSOLDI<\/li>\n<\/ul>\n<p style=\"text-align: justify;\">T\u00edtulo: <a href=\"https:\/\/www.propei.uerr.edu.br\/ppgec\/wp-content\/uploads\/2020\/06\/Produto-Educacional-2019-Gisele-Bordonal.pdf\">Clube de Ci\u00eancias no incentivo ao letramento cient\u00edfico em uma escola do Ensino Fundamental II no munic\u00edpio de Boa Vista \u2013 Roraima<\/a><br \/>\nOrientadora: Profa. DSc. Bianca Ma\u00edra de Paiva Ottoni Boldrini<\/p>\n<p style=\"text-align: justify;\"><em><strong>Produtos Educacionais 2018<\/strong><\/em><\/p>\n<ul style=\"text-align: justify;\">\n<li>HENRIQUE C\u00c9SAR LOPES<\/li>\n<\/ul>\n<p style=\"text-align: justify;\" align=\"justify\">Produto Educacional: <a href=\"https:\/\/propei.uerr.edu.br\/ppgec\/wp-content\/uploads\/2018\/08\/produto-henrique-cesar-lopes.pdf\">Guia pr\u00e1tico em portugu\u00eas, com tradu\u00e7\u00e3o da sequ\u00eancia did\u00e1tica em l\u00edngua materna \u2013 macuxi e informa\u00e7\u00f5es sobre a educa\u00e7\u00e3o escolar ind\u00edgena.<\/a><br \/>\nOrientadora: Profa. DSc. Ivanise Maria Rizzatti<\/p>\n<p style=\"text-align: justify;\"><em><strong>Produtos Educacionais 2017<\/strong><\/em><\/p>\n<ul style=\"text-align: justify;\">\n<li>CRISTINA MARIA COSTA DO NASCIMENTO<\/li>\n<\/ul>\n<p style=\"text-align: justify;\">Produto Educacional: <a href=\"https:\/\/propei.uerr.edu.br\/ppgec\/wp-content\/uploads\/2018\/09\/Guia-Pr\u00e1tico-Educativo_Produto_NOVO.pdf\">Guia pr\u00e1tico educativo do \u201cPrograma Embrapa &amp; Escola\u201d<\/a><br \/>\nOrientadora: Profa. DSc Patricia Macedo de Castro<\/p>\n<ul style=\"text-align: justify;\">\n<li>ROSANA CL\u00c9IA DE CARVALHO CHAVES<\/li>\n<\/ul>\n<p style=\"text-align: justify;\">Produto Educacional:<a href=\"https:\/\/propei.uerr.edu.br\/ppgec\/wp-content\/uploads\/2018\/05\/PRODUTO-EDUCACIONAL-ROSANA.pdf\">\u00a0Livreto: \u201cPerspectivas de aprendizagem no Parque Municipal Germano Augusto Sampaio\u201d. <\/a><br \/>\nOrientadora: Profa. DSc. Ivanise Maria Rizzatti<\/p>\n<p style=\"text-align: justify;\"><em><strong>Produtos Educacionais 2016<\/strong><\/em><\/p>\n<ul style=\"text-align: justify;\">\n<li>CLAUDETE CORDEIRO DOS ANJOS<\/li>\n<\/ul>\n<p style=\"text-align: justify;\">Produto Educacional: <a href=\"https:\/\/propei.uerr.edu.br\/ppgec\/wp-content\/uploads\/2017\/08\/DISSERTA\u00c7\u00c3O-2016-CLAUDETE-CORDEIRO-DOS-ANJOS.pdf\">Jogo Interativo \u201cjogo das flores\u201d, \u201c Lamin\u00e1rio do desenvolvimento externo dos frutos\u201d, \u201c caixa de frutos\u201d e palavras cruzadas. (p\u00e1gina 81 da disserta\u00e7\u00e3o)<\/a><br \/>\nOrientadora: Profa. DSc. Andreia Silva Flores<\/p>\n<ul style=\"text-align: justify;\">\n<li>FRANCISCO JAMES OLIVEIRA SILVA<\/li>\n<\/ul>\n<p style=\"text-align: justify;\">Produto Educacional: <a href=\"https:\/\/propei.uerr.edu.br\/ppgec\/wp-content\/uploads\/2017\/08\/DISSERTA\u00c7\u00c3O-2016-FRANCISCO-JAMES-OLIVEIRA-SILVA.pdf\">Kit de Per\u00edcia Papilosc\u00f3pica e Exposi\u00e7\u00e3o Pericia Papiloscopica (p\u00e1gina 108 da disserta\u00e7\u00e3o)<\/a><br \/>\nOrientadora: Profa. DSc. Ivanise Maria Rizzatti<\/p>\n<ul style=\"text-align: justify;\">\n<li>JUCIEL SILVA SOUZA<\/li>\n<\/ul>\n<p style=\"text-align: justify;\">Produto Educacional: <a href=\"https:\/\/propei.uerr.edu.br\/ppgec\/wp-content\/uploads\/2017\/08\/DISSERTA\u00c7\u00c3O-2016-JUCIEL-SILVA-SOUZA.pdf\">Jogo: na trilha da ci\u00eancia (p\u00e1gina 108 da disserta\u00e7\u00e3o)<\/a><br \/>\nOrientadora: Profa. DSc. Ivanise Maria Rizzatti<\/p>\n<p style=\"text-align: justify;\"><em><strong>Produtos Educacionais 2015<\/strong><\/em><\/p>\n<ul style=\"text-align: justify;\">\n<li>ANA PAULA ALVERNE DA SILVA<\/li>\n<\/ul>\n<p style=\"text-align: justify;\" align=\"justify\">T\u00edtulo: Ci\u00eancia e arte em sintonia no processo de aprendizagem por meio do ensino problematizador, na disciplina de ci\u00eancias naturais no 5\u00ba ano do ensino fundamental<\/p>\n<p style=\"text-align: justify;\" align=\"justify\">Orientador: Prof. DSc. Oscar Tintorer Delgado<\/p>\n<ul style=\"text-align: justify;\">\n<li>ANTONIA VALDIRENE RABELO NASCIMENTO<\/li>\n<\/ul>\n<p style=\"text-align: justify;\">Produto Educacional: <a href=\"https:\/\/propei.uerr.edu.br\/ppgec\/wp-content\/uploads\/2018\/05\/PRODUTO-de-antonia-valdirene-CARTILHA-AMBIENTAL.pdf\">Cartilha Interativa: Educa\u00e7\u00e3o Ambiental Rorain\u00f3polis &#8211; Roraima<\/a><br \/>\nOrientadora: Profa. DSc. Juliane Marques de Souza<\/p>\n<ul style=\"text-align: justify;\">\n<li>ARTHUR PHILIPE CANDIDO DE MAGALHAES<\/li>\n<\/ul>\n<p style=\"text-align: justify;\" align=\"justify\">Produto Educacional:<br \/>\nOrientadora: Profa. DSc. Ivanise Maria Rizzatti<\/p>\n<ul style=\"text-align: justify;\">\n<li>IOMAR DA COSTA PEREIRA<\/li>\n<\/ul>\n<p style=\"text-align: justify;\">Produto Educacional: <a href=\"https:\/\/propei.uerr.edu.br\/ppgec\/wp-content\/uploads\/2018\/05\/PRODUTO-2015-Iomar-da-costa-pereira.docx1_.pdf\">Sequ\u00eancia Did\u00e1tica:\u201dRecursos Hidricos dos mananciais at\u00e9 a torneira\u201d<\/a><br \/>\nOrientadora: Profa. DSc. Josimara Cristina de Carvalho Oliveira<\/p>\n<ul style=\"text-align: justify;\">\n<li>MANASSEIS SILVA DE PAULA<\/li>\n<\/ul>\n<p style=\"text-align: justify;\">Produto Educacional: Folder Museol\u00f3gico: Projeto Museu na Escola: Produ\u00e7\u00e3o, Educa\u00e7\u00e3o e Divulga\u00e7\u00e3o Cientifica em Roraima.<br \/>\nOrientador: Prof. DSc. Silvio Jose Reis da Silva<\/p>\n<ul style=\"text-align: justify;\">\n<li>MARIA DO SOCORRO MAGALH\u00c3ES DE SOUSA<\/li>\n<\/ul>\n<p style=\"text-align: justify;\">Produto Educacional: Folheto FECI-RR Feira de Ci\u00eancias de Roraima e Cat\u00e1log Hist\u00f3rico das Ferias de Ci\u00eancias de Roraima<br \/>\nOrientadora: Profa. DSc. Ivanise Maria Rizzatti<\/p>\n<ul style=\"text-align: justify;\">\n<li>MISIARA NEVES DOS SANTOS<\/li>\n<\/ul>\n<p style=\"text-align: justify;\">Produto Educacional: Sequ\u00eancia Did\u00e1tica: <a href=\"https:\/\/propei.uerr.edu.br\/ppgec\/wp-content\/uploads\/2017\/08\/DISSERTA\u00c7\u00c3O-2015-Misiara-Neves-dos-Santos.pdf\">A utiliza\u00e7\u00e3o da teoria da aprendizagem significativa em diferentes espa\u00e7os educativos no ensino de ci\u00eancias biol\u00f3gicas (P\u00e1gina 162 da disserta\u00e7\u00e3o)<\/a><br \/>\nOrientadora: Profa. DSc. Ivanise Maria Rizzatti<\/p>\n<ul style=\"text-align: justify;\">\n<li>RITA DE C\u00c1SSIA SILVA COSTA<\/li>\n<\/ul>\n<p style=\"text-align: justify;\" align=\"justify\">T\u00edtulo:\u00a0Forma\u00e7\u00e3o de um grupo de teatro cient\u00edfico problematizador a partir do desenvolvimento de atividades de situa\u00e7\u00f5es problema experimentais em termodin\u00e2mica, fundamentada na teoria de Galperin<\/p>\n<p style=\"text-align: justify;\" align=\"justify\">Orientador: Prof. DSc. Oscar Tintorer Delgado<\/p>\n<ul style=\"text-align: justify;\">\n<li>TEREZINHA RIBEIRO REIS<\/li>\n<\/ul>\n<p style=\"text-align: justify;\">Produto Educacional: <a href=\"https:\/\/propei.uerr.edu.br\/ppgec\/wp-content\/uploads\/2019\/07\/Produto-da-disserta\u00e7\u00e3o-Terezinha-Ribeiro-Reis.pdf\">Sequencia Did\u00e1tica: Mapa conceitual de fauna<\/a><br \/>\nOrientador: Prof. DSc. Silvio Jose Reis da Silva<\/p>\n<p style=\"text-align: justify;\"><em><strong>Produtos Educacionais 2014<\/strong><\/em><\/p>\n<ul style=\"text-align: justify;\">\n<li>DAYANE RODRIGUES YOUSSEF<\/li>\n<\/ul>\n<p style=\"text-align: justify;\">Produto Educacional: <a href=\"https:\/\/propei.uerr.edu.br\/ppgec\/wp-content\/uploads\/2019\/07\/GUIA-DE-VISITA\u00c7\u00c3O_01_Dayane-rodrigues-produto.pdf\">Guia de visita\u00e7\u00e3o \u2013 Roteiro Pedag\u00f3gico para a media\u00e7\u00e3o entre educadores, aprendizes e o MIRR.<\/a><br \/>\nOrientadora: Profa. DSc. Patricia Macedo de Castro<\/p>\n<ul style=\"text-align: justify;\">\n<li>FILOMENO DE SOUSA FILHO<\/li>\n<\/ul>\n<p style=\"text-align: justify;\">Produto Educacional: <a href=\"https:\/\/propei.uerr.edu.br\/ppgec\/wp-content\/uploads\/2019\/07\/Cartilha-forma\u00e7ao-filomeno_Produto.pdf\">Cartilha de orienta\u00e7\u00e3o para forma\u00e7\u00e3o de conceitos do mini-zoo do 7\u00ba BIS<\/a><br \/>\nOrientadora: Profa. DSc. Ivanise Maria Rizzatti<\/p>\n<ul style=\"text-align: justify;\">\n<li>PEURIS FRANK RODRIGUES LAU<\/li>\n<\/ul>\n<p style=\"text-align: justify;\">Produto Educacional: <a href=\"https:\/\/propei.uerr.edu.br\/ppgec\/wp-content\/uploads\/2019\/07\/Guia-Pr\u00e1tico-Frank-Final-Livro.pdf\">Guia Pr\u00e1tico para utiliza\u00e7\u00e3o do espa\u00e7o n\u00e3o formal parque ecol\u00f3gico Bosque dos papagaios no ensino de ci\u00eancias<\/a><br \/>\nOrientadora: Profa. DSc. Patricia Macedo de Castro<\/p>\n<ul style=\"text-align: justify;\">\n<li>VANESSA COELHO DE DEUS<\/li>\n<\/ul>\n<p style=\"text-align: justify;\">Produto Educacional: Sequencia did\u00e1tica: A feira do produtor rural de Rorain\u00f3polis : uma proposta de espa\u00e7o n\u00e3o forma para o ensino de ci\u00eancias<br \/>\nOrientadora: Profa. DSc. Josimara Cristina de Carvalho Oliveira<\/p>\n","protected":false},"excerpt":{"rendered":"<p>ESPA\u00c7OS N\u00c3O FORMAIS E A DIVULGA\u00c7\u00c3O CIENT\u00cdFICA NO ENSINO DE CI\u00caNCIAS E MATEM\u00c1TICA &nbsp; Produtos Educacionais 2025 &nbsp; ELISSANDRA RODRIGUES MARQUES Produto Educacional: ENSINO DE CI\u00caNCIAS EM AMBIENTES NATURAIS:\u00a0FITOFISIONOMIAS DA SAVANA\u00a0DE RORAIMA Orientador:\u00a0Prof. Dr. Rodrigo Leonardo Costa de Oliveira Coorientadora: Prof.\u00aa. Dra. Juliane Marques de Souza &nbsp; FRANCISCA MARIA SILVA Produto Educacional:\u00a0 GUIA DIDATICO &#8211; [&hellip;]<\/p>\n","protected":false},"author":1,"featured_media":0,"parent":0,"menu_order":0,"comment_status":"closed","ping_status":"closed","template":"","meta":{"footnotes":""},"class_list":["post-546","page","type-page","status-publish","hentry"],"_links":{"self":[{"href":"https:\/\/propei.uerr.edu.br\/ppgec\/wp-json\/wp\/v2\/pages\/546","targetHints":{"allow":["GET"]}}],"collection":[{"href":"https:\/\/propei.uerr.edu.br\/ppgec\/wp-json\/wp\/v2\/pages"}],"about":[{"href":"https:\/\/propei.uerr.edu.br\/ppgec\/wp-json\/wp\/v2\/types\/page"}],"author":[{"embeddable":true,"href":"https:\/\/propei.uerr.edu.br\/ppgec\/wp-json\/wp\/v2\/users\/1"}],"replies":[{"embeddable":true,"href":"https:\/\/propei.uerr.edu.br\/ppgec\/wp-json\/wp\/v2\/comments?post=546"}],"version-history":[{"count":123,"href":"https:\/\/propei.uerr.edu.br\/ppgec\/wp-json\/wp\/v2\/pages\/546\/revisions"}],"predecessor-version":[{"id":3964,"href":"https:\/\/propei.uerr.edu.br\/ppgec\/wp-json\/wp\/v2\/pages\/546\/revisions\/3964"}],"wp:attachment":[{"href":"https:\/\/propei.uerr.edu.br\/ppgec\/wp-json\/wp\/v2\/media?parent=546"}],"curies":[{"name":"wp","href":"https:\/\/api.w.org\/{rel}","templated":true}]}}