{"id":425,"date":"2018-05-02T12:15:03","date_gmt":"2018-05-02T15:15:03","guid":{"rendered":"http:\/\/propei.uerr.edu.br\/ppgec\/?page_id=425"},"modified":"2024-10-09T08:14:07","modified_gmt":"2024-10-09T12:14:07","slug":"grupos-de-pesquisa","status":"publish","type":"page","link":"https:\/\/propei.uerr.edu.br\/ppgec\/grupos-de-pesquisa\/","title":{"rendered":"Grupos de Pesquisa"},"content":{"rendered":"<ul>\n<li style=\"text-align: justify;\"><strong>N\u00facleo de Pesquisa em Estudo em Educa\u00e7\u00e3o em Ci\u00eancias e Matem\u00e1tica (NUPECEM)<\/strong><\/li>\n<\/ul>\n<p style=\"text-align: justify;\">O presente grupo tem como objetivo a pesquisa na \u00e1rea de Ensino em Ci\u00eancias e Matem\u00e1tica, imbu\u00eddo do conceito amplo de Ci\u00eancia, a realiza\u00e7\u00e3o de estudos sistematizados na perspectiva de desenvolver experi\u00eancias metodol\u00f3gicas e pr\u00e1ticas pedag\u00f3gicas de car\u00e1ter inovador com a educa\u00e7\u00e3o b\u00e1sica e o profissional em forma\u00e7\u00e3o, como forma de contribuir para a eleva\u00e7\u00e3o da qualidade do Ensino B\u00e1sico a partir dos Cursos de Licenciatura em Ci\u00eancias Biol\u00f3gicas, F\u00edsica, Qu\u00edmica, Matem\u00e1tica e Pedagogia da Universidade Estadual de Roraima. Objetiva, ainda, contribuir efetivamente para forma\u00e7\u00e3o dos formadores de professores, em especial os docentes que atuam nas Licenciaturas em Qu\u00edmica, F\u00edsica, Biologia, Matem\u00e1tica e Pedagogia, concorrendo, assim, para mudan\u00e7as de patamar na qualidade do ensino e da pesquisa na Regi\u00e3o Amaz\u00f4nica.<\/p>\n<ul style=\"text-align: justify;\">\n<li><a href=\"https:\/\/w3.dmat.ufrr.br\/hector\/\"><strong>Grupo de Pesquisa de Did\u00e1tica da Resolu\u00e7\u00e3o de Problemas em Ci\u00eancias e Matem\u00e1tica.<\/strong><\/a><\/li>\n<\/ul>\n<p style=\"text-align: justify;\">O Grupo de Pesquisa de Did\u00e1tica da Resolu\u00e7\u00e3o de Problemas em Ci\u00eancias e Matem\u00e1tica \u00e9 formado por pesquisadores vinculados ao\u00a0Mestrado Profissional de Ensino Ci\u00eancias (UERR), Mestrado em Educa\u00e7\u00e3o (UERR), Doutorado em Educa\u00e7\u00e3o em Ci\u00eancias e Matem\u00e1tica (REAMEC), Licenciatura em Matem\u00e1tica (UFRR) e Educa\u00e7\u00e3o B\u00e1sica do Estado de Roraima. O grupo prop\u00f5e explicar a rela\u00e7\u00e3o dial\u00e9tica entre o processo de ensino aprendizagem de conceitos, procedimentos, e atitudes na forma\u00e7\u00e3o das a\u00e7\u00f5es mentais e a criatividade dos estudantes atrav\u00e9s de um ensino problematizador para constru\u00e7\u00e3o de um sistema de a\u00e7\u00f5es mentais adequado ao Ensino de Ci\u00eancias e Matem\u00e1tica na Amaz\u00f4nia. As teorias que fundamentam as pesquisas s\u00e3o: hist\u00f3rica cultural da Atividade de Vigotsky, Rubinstein e Le\u00f3ntiev; forma\u00e7\u00e3o por etapas das a\u00e7\u00f5es mentais de Galperin, dire\u00e7\u00e3o da atividade de estudo de Tal\u00edzina, o ensino problematizador de Majmutov e Aprendizagem Significativo de Ausubel.<\/p>\n","protected":false},"excerpt":{"rendered":"<p>N\u00facleo de Pesquisa em Estudo em Educa\u00e7\u00e3o em Ci\u00eancias e Matem\u00e1tica (NUPECEM) O presente grupo tem como objetivo a pesquisa na \u00e1rea de Ensino em Ci\u00eancias e Matem\u00e1tica, imbu\u00eddo do conceito amplo de Ci\u00eancia, a realiza\u00e7\u00e3o de estudos sistematizados na perspectiva de desenvolver experi\u00eancias metodol\u00f3gicas e pr\u00e1ticas pedag\u00f3gicas de car\u00e1ter inovador com a educa\u00e7\u00e3o b\u00e1sica [&hellip;]<\/p>\n","protected":false},"author":1,"featured_media":0,"parent":0,"menu_order":0,"comment_status":"closed","ping_status":"closed","template":"","meta":{"footnotes":""},"class_list":["post-425","page","type-page","status-publish","hentry"],"_links":{"self":[{"href":"https:\/\/propei.uerr.edu.br\/ppgec\/wp-json\/wp\/v2\/pages\/425","targetHints":{"allow":["GET"]}}],"collection":[{"href":"https:\/\/propei.uerr.edu.br\/ppgec\/wp-json\/wp\/v2\/pages"}],"about":[{"href":"https:\/\/propei.uerr.edu.br\/ppgec\/wp-json\/wp\/v2\/types\/page"}],"author":[{"embeddable":true,"href":"https:\/\/propei.uerr.edu.br\/ppgec\/wp-json\/wp\/v2\/users\/1"}],"replies":[{"embeddable":true,"href":"https:\/\/propei.uerr.edu.br\/ppgec\/wp-json\/wp\/v2\/comments?post=425"}],"version-history":[{"count":7,"href":"https:\/\/propei.uerr.edu.br\/ppgec\/wp-json\/wp\/v2\/pages\/425\/revisions"}],"predecessor-version":[{"id":3407,"href":"https:\/\/propei.uerr.edu.br\/ppgec\/wp-json\/wp\/v2\/pages\/425\/revisions\/3407"}],"wp:attachment":[{"href":"https:\/\/propei.uerr.edu.br\/ppgec\/wp-json\/wp\/v2\/media?parent=425"}],"curies":[{"name":"wp","href":"https:\/\/api.w.org\/{rel}","templated":true}]}}